{"id":315,"date":"2025-01-17T18:12:18","date_gmt":"2025-01-17T18:12:18","guid":{"rendered":"https:\/\/staging.swiss-ukrainian.ch\/?page_id=315"},"modified":"2025-01-28T16:16:13","modified_gmt":"2025-01-28T16:16:13","slug":"necrologie","status":"publish","type":"page","link":"https:\/\/swiss-ukrainian.ch\/index.php\/fr\/necrologie\/","title":{"rendered":"N\u00e9crologie"},"content":{"rendered":"\t\t<div data-elementor-type=\"wp-page\" data-elementor-id=\"315\" class=\"elementor elementor-315\">\n\t\t\t\t<div class=\"elementor-element elementor-element-f416bd2 e-flex e-con-boxed wpr-particle-no wpr-jarallax-no wpr-parallax-no wpr-sticky-section-no wpr-column-slider-no wpr-equal-height-no e-con e-parent\" data-id=\"f416bd2\" data-element_type=\"container\" data-e-type=\"container\">\n\t\t\t\t\t<div class=\"e-con-inner\">\n\t\t\t\t<div class=\"elementor-element elementor-element-ce6117e elementor-widget elementor-widget-heading\" data-id=\"ce6117e\" data-element_type=\"widget\" data-e-type=\"widget\" data-widget_type=\"heading.default\">\n\t\t\t\t\t<h2 class=\"elementor-heading-title elementor-size-default\">N\u00e9crologie<\/h2>\t\t\t\t<\/div>\n\t\t\t\t<div class=\"elementor-element elementor-element-1c3625a elementor-widget elementor-widget-heading\" data-id=\"1c3625a\" data-element_type=\"widget\" data-e-type=\"widget\" data-widget_type=\"heading.default\">\n\t\t\t\t\t<h2 class=\"elementor-heading-title elementor-size-default\">Membres d\u00e9c\u00e9d\u00e9s<\/h2>\t\t\t\t<\/div>\n\t\t\t\t\t<\/div>\n\t\t\t\t<\/div>\n\t\t<div class=\"elementor-element elementor-element-5c1d4c6 e-flex e-con-boxed wpr-particle-no wpr-jarallax-no wpr-parallax-no wpr-sticky-section-no wpr-column-slider-no wpr-equal-height-no e-con e-parent\" data-id=\"5c1d4c6\" data-element_type=\"container\" data-e-type=\"container\">\n\t\t\t\t\t<div class=\"e-con-inner\">\n\t\t<div class=\"elementor-element elementor-element-91c56a0 e-con-full e-flex wpr-particle-no wpr-jarallax-no wpr-parallax-no wpr-sticky-section-no wpr-column-slider-no wpr-equal-height-no e-con e-child\" data-id=\"91c56a0\" data-element_type=\"container\" data-e-type=\"container\">\n\t\t\t\t<div class=\"elementor-element elementor-element-85d1240 elementor-widget elementor-widget-spacer\" data-id=\"85d1240\" data-element_type=\"widget\" data-e-type=\"widget\" data-widget_type=\"spacer.default\">\n\t\t\t\t\t\t\t<div class=\"elementor-spacer\">\n\t\t\t<div class=\"elementor-spacer-inner\"><\/div>\n\t\t<\/div>\n\t\t\t\t\t\t<\/div>\n\t\t\t\t<div class=\"elementor-element elementor-element-5ee8b9c elementor-widget elementor-widget-image\" data-id=\"5ee8b9c\" data-element_type=\"widget\" data-e-type=\"widget\" data-widget_type=\"image.default\">\n\t\t\t\t\t\t\t\t\t\t\t\t\t\t\t<img fetchpriority=\"high\" decoding=\"async\" width=\"768\" height=\"1024\" src=\"https:\/\/swiss-ukrainian.ch\/wp-content\/uploads\/2025\/01\/PHOTO-2024-09-10-17-40-52.jpg\" class=\"attachment-large size-large wp-image-18\" alt=\"\" srcset=\"https:\/\/swiss-ukrainian.ch\/wp-content\/uploads\/2025\/01\/PHOTO-2024-09-10-17-40-52.jpg 768w, https:\/\/swiss-ukrainian.ch\/wp-content\/uploads\/2025\/01\/PHOTO-2024-09-10-17-40-52-225x300.jpg 225w\" sizes=\"(max-width: 768px) 100vw, 768px\" \/>\t\t\t\t\t\t\t\t\t\t\t\t\t\t\t<\/div>\n\t\t\t\t<div class=\"elementor-element elementor-element-a7cc1ee elementor-widget elementor-widget-spacer\" data-id=\"a7cc1ee\" data-element_type=\"widget\" data-e-type=\"widget\" data-widget_type=\"spacer.default\">\n\t\t\t\t\t\t\t<div class=\"elementor-spacer\">\n\t\t\t<div class=\"elementor-spacer-inner\"><\/div>\n\t\t<\/div>\n\t\t\t\t\t\t<\/div>\n\t\t\t\t<\/div>\n\t\t<div class=\"elementor-element elementor-element-6467555 e-con-full e-flex wpr-particle-no wpr-jarallax-no wpr-parallax-no wpr-sticky-section-no wpr-column-slider-no wpr-equal-height-no e-con e-child\" data-id=\"6467555\" data-element_type=\"container\" data-e-type=\"container\">\n\t\t\t\t<div class=\"elementor-element elementor-element-02b8f30 elementor-widget elementor-widget-spacer\" data-id=\"02b8f30\" data-element_type=\"widget\" data-e-type=\"widget\" data-widget_type=\"spacer.default\">\n\t\t\t\t\t\t\t<div class=\"elementor-spacer\">\n\t\t\t<div class=\"elementor-spacer-inner\"><\/div>\n\t\t<\/div>\n\t\t\t\t\t\t<\/div>\n\t\t\t\t<div class=\"elementor-element elementor-element-a898717 elementor-widget elementor-widget-heading\" data-id=\"a898717\" data-element_type=\"widget\" data-e-type=\"widget\" data-widget_type=\"heading.default\">\n\t\t\t\t\t<h2 class=\"elementor-heading-title elementor-size-default\">Pawlo Dlaboha, membre de longue date de la Soci\u00e9t\u00e9 Ukrainienne en Suisse<\/h2>\t\t\t\t<\/div>\n\t\t\t\t<div class=\"elementor-element elementor-element-42d564e elementor-widget elementor-widget-spacer\" data-id=\"42d564e\" data-element_type=\"widget\" data-e-type=\"widget\" data-widget_type=\"spacer.default\">\n\t\t\t\t\t\t\t<div class=\"elementor-spacer\">\n\t\t\t<div class=\"elementor-spacer-inner\"><\/div>\n\t\t<\/div>\n\t\t\t\t\t\t<\/div>\n\t\t\t\t<div class=\"elementor-element elementor-element-98c3c4c elementor-widget elementor-widget-text-editor\" data-id=\"98c3c4c\" data-element_type=\"widget\" data-e-type=\"widget\" data-widget_type=\"text-editor.default\">\n\t\t\t\t\t\t\t\t\t<p>C&rsquo;est avec le c\u0153ur lourd que nous annon\u00e7ons le d\u00e9c\u00e8s de Pawlo Dlaboha, membre de longue date de la Soci\u00e9t\u00e9 Ukrainienne de Suisse, le vendredi 6 septembre 2024.<\/p><p>Pawlo est arriv\u00e9 en Suisse par un chemin d\u00e9tourn\u00e9, comme tant d&rsquo;autres dans notre communaut\u00e9, lorsque lui et ses parents ont \u00e9t\u00e9 contraints de fuir la Pologne en raison de la situation politique mena\u00e7ante en Europe de l&rsquo;Est. N\u00e9 \u00e0 Legnica, en Pologne, le 11 mars 1951, Pawlo a \u00e9migr\u00e9 de Pologne aux \u00c9tats-Unis en 1961. \u00c0 l&rsquo;\u00e2ge de 16 ans, il retourne dans son Europe bien-aim\u00e9e pour \u00e9tudier la musique. Ses \u00e9tudes l&rsquo;ont conduit \u00e0 Lucerne, Zurich, Gen\u00e8ve et plus tard au Royaume-Uni.<\/p><p>Il s&rsquo;installe finalement \u00e0 Lucerne en 1974, o\u00f9 il enseigne le solf\u00e8ge, la direction d&rsquo;orchestre, applique l&rsquo;anglais et est professeur de piano au Gymnase cantonal de Lucerne. En plus de l&rsquo;enseignement, Pawlo a consacr\u00e9 son temps \u00e0 son Ukraine bien-aim\u00e9e, participant activement aux activit\u00e9s de la Soci\u00e9t\u00e9 ukrainienne, organisant des concerts, des r\u00e9citals et dirigeant des orchestres de chambre en Suisse et \u00e0 l&rsquo;\u00e9tranger. Une fois l&rsquo;Ukraine redevenue ind\u00e9pendante, Pawlo organisa le premier Festival de musique suisse en Ukraine, dirigea de nombreux orchestres symphoniques et de chambre ukrainiens, dont la Camerata Leonis \u00e0 Lviv, devint chef invit\u00e9 \u00e0 Lviv, Zaphorizia et Dnipro et l&rsquo;un des fondateurs de la Soci\u00e9t\u00e9 internationale de Nouvelle musique \u00e0 Odessa.<\/p><p>Parall\u00e8lement, en Suisse, Pawlo organisait des cours pour musiciens ukrainiens, des concerts de nouvelle musique ukrainienne \u00e0 Zurich et contribuait \u00e0 permettre \u00e0 Yevhen Stankovych, l&rsquo;un des compositeurs ukrainiens les plus prolifiques, de recevoir une bourse de compositeur en r\u00e9sidence pour quatre s\u00e9jour d&rsquo;un mois \u00e0 Bienne et produit en 1988 un CD \u00ab Lucerne Concert \u00bb, le tout premier enregistrement num\u00e9rique de la Symphonie de chambre n\u00b03 de Yevhen Stankovych et son arrangement de \u00ab Adios Nonino \u00bb d&rsquo;Astor Piazzola d\u00e9di\u00e9 \u00e0 Camerata Leonis.<\/p><p>Dlaboha a d\u00e9fendu sans rel\u00e2che la cause de l&rsquo;Ukraine en Suisse, \u00e0 la fois en tant que citoyen suisse et en tant que membre du conseil d&rsquo;administration de la Soci\u00e9t\u00e9 ukrainienne. De 2018 jusqu&rsquo;\u00e0 son d\u00e9c\u00e8s, il a repr\u00e9sent\u00e9 notre soci\u00e9t\u00e9 ukrainienne \u00e0 l&rsquo;Assembl\u00e9e parlementaire du Conseil de l&rsquo;Europe au sein de la commission des politiques de la diaspora.<\/p><p>Pawlo \u00e9tait connu de beaucoup et aim\u00e9 de tous. Toujours impeccablement par\u00e9 de son chapeau et de son \u00e9charpe embl\u00e9matiques, l\u2019attitude contagieuse de Pawlo, son sourire chaleureux, sa joie de vivre, sa g\u00e9n\u00e9reuse pinc\u00e9e du mot \u00ab belle \u00bb n\u2019ont jamais manqu\u00e9 de faire sourire tout le monde. Son \u00e9nergie et son engagement \u00e9taient contagieux tant aupr\u00e8s de ses pairs que des nombreux jeunes qui ont crois\u00e9 son chemin tout au long de sa longue carri\u00e8re d&rsquo;enseignant et de mentor. Il laisse derri\u00e8re lui ses fils Dami\u00e0n et Markian et leur m\u00e8re Marina.<\/p><p>Au lieu de fleurs, Pawlo a demand\u00e9 que des dons soient faits en son nom \u00e0 la Soci\u00e9t\u00e9 Ukrainienne de Suisse.<\/p><p>Ukrainischer Verein in der Schweiz\/Socie\u0301te\u0301 Ukrainienne en Suisse case postale 2, 1701 Fribourg &#8211; IBAN: CH40 0900 0000 8776 5794 8<\/p><p>Requiescat in Pace! Vichnaya Pamiat!<\/p>\t\t\t\t\t\t\t\t<\/div>\n\t\t\t\t<div class=\"elementor-element elementor-element-9ccff3a elementor-widget elementor-widget-spacer\" data-id=\"9ccff3a\" data-element_type=\"widget\" data-e-type=\"widget\" data-widget_type=\"spacer.default\">\n\t\t\t\t\t\t\t<div class=\"elementor-spacer\">\n\t\t\t<div class=\"elementor-spacer-inner\"><\/div>\n\t\t<\/div>\n\t\t\t\t\t\t<\/div>\n\t\t\t\t<\/div>\n\t\t\t\t\t<\/div>\n\t\t\t\t<\/div>\n\t\t<div class=\"elementor-element elementor-element-2c70f9a e-flex e-con-boxed wpr-particle-no wpr-jarallax-no wpr-parallax-no wpr-sticky-section-no wpr-column-slider-no wpr-equal-height-no e-con e-parent\" data-id=\"2c70f9a\" data-element_type=\"container\" data-e-type=\"container\">\n\t\t\t\t\t<div class=\"e-con-inner\">\n\t\t\t\t\t<\/div>\n\t\t\t\t<\/div>\n\t\t<div class=\"elementor-element elementor-element-7dc6b8e1 e-flex e-con-boxed wpr-particle-no wpr-jarallax-no wpr-parallax-no wpr-sticky-section-no wpr-column-slider-no wpr-equal-height-no e-con e-parent\" data-id=\"7dc6b8e1\" data-element_type=\"container\" data-e-type=\"container\" data-settings=\"{&quot;background_background&quot;:&quot;classic&quot;}\">\n\t\t\t\t\t<div class=\"e-con-inner\">\n\t\t<div class=\"elementor-element elementor-element-4fe0e984 e-con-full e-flex wpr-particle-no wpr-jarallax-no wpr-parallax-no wpr-sticky-section-no wpr-column-slider-no wpr-equal-height-no e-con e-child\" data-id=\"4fe0e984\" data-element_type=\"container\" data-e-type=\"container\">\n\t\t\t\t<div class=\"elementor-element elementor-element-341b0fe9 elementor-widget elementor-widget-heading\" data-id=\"341b0fe9\" data-element_type=\"widget\" data-e-type=\"widget\" data-widget_type=\"heading.default\">\n\t\t\t\t\t<h2 class=\"elementor-heading-title elementor-size-default\">Contact &amp; informations<\/h2>\t\t\t\t<\/div>\n\t\t\t\t<div class=\"elementor-element elementor-element-7dc5f06a elementor-widget elementor-widget-spacer\" data-id=\"7dc5f06a\" data-element_type=\"widget\" data-e-type=\"widget\" data-widget_type=\"spacer.default\">\n\t\t\t\t\t\t\t<div class=\"elementor-spacer\">\n\t\t\t<div class=\"elementor-spacer-inner\"><\/div>\n\t\t<\/div>\n\t\t\t\t\t\t<\/div>\n\t\t\t\t<div class=\"elementor-element elementor-element-715b249c elementor-widget elementor-widget-heading\" data-id=\"715b249c\" data-element_type=\"widget\" data-e-type=\"widget\" data-widget_type=\"heading.default\">\n\t\t\t\t\t<h2 class=\"elementor-heading-title elementor-size-default\">Soci\u00e9t\u00e9 Ukrainienne en Suisse<\/h2>\t\t\t\t<\/div>\n\t\t\t\t<div class=\"elementor-element elementor-element-236505c2 elementor-widget elementor-widget-spacer\" data-id=\"236505c2\" data-element_type=\"widget\" data-e-type=\"widget\" data-widget_type=\"spacer.default\">\n\t\t\t\t\t\t\t<div class=\"elementor-spacer\">\n\t\t\t<div class=\"elementor-spacer-inner\"><\/div>\n\t\t<\/div>\n\t\t\t\t\t\t<\/div>\n\t\t\t\t<div class=\"elementor-element elementor-element-41d40344 elementor-widget elementor-widget-text-editor\" data-id=\"41d40344\" data-element_type=\"widget\" data-e-type=\"widget\" data-widget_type=\"text-editor.default\">\n\t\t\t\t\t\t\t\t\t<p>Ukrainischer Verein in der Schweiz<br \/>Case postale 102<br \/>CH-1701 Fribourg<br \/>Switzerland<\/p>\t\t\t\t\t\t\t\t<\/div>\n\t\t\t\t<div class=\"elementor-element elementor-element-7e8d8121 elementor-widget elementor-widget-spacer\" data-id=\"7e8d8121\" data-element_type=\"widget\" data-e-type=\"widget\" data-widget_type=\"spacer.default\">\n\t\t\t\t\t\t\t<div class=\"elementor-spacer\">\n\t\t\t<div class=\"elementor-spacer-inner\"><\/div>\n\t\t<\/div>\n\t\t\t\t\t\t<\/div>\n\t\t\t\t<div class=\"elementor-element elementor-element-472c43dd elementor-widget elementor-widget-heading\" data-id=\"472c43dd\" data-element_type=\"widget\" data-e-type=\"widget\" data-widget_type=\"heading.default\">\n\t\t\t\t\t<h2 class=\"elementor-heading-title elementor-size-default\">T\u00e9l\u00e9phone &amp; Email<\/h2>\t\t\t\t<\/div>\n\t\t\t\t<div class=\"elementor-element elementor-element-6c42b1bb elementor-widget elementor-widget-spacer\" data-id=\"6c42b1bb\" data-element_type=\"widget\" data-e-type=\"widget\" data-widget_type=\"spacer.default\">\n\t\t\t\t\t\t\t<div class=\"elementor-spacer\">\n\t\t\t<div class=\"elementor-spacer-inner\"><\/div>\n\t\t<\/div>\n\t\t\t\t\t\t<\/div>\n\t\t\t\t<div class=\"elementor-element elementor-element-4508b73e elementor-position-inline-start elementor-mobile-position-inline-start elementor-view-default elementor-widget elementor-widget-icon-box\" data-id=\"4508b73e\" data-element_type=\"widget\" data-e-type=\"widget\" data-widget_type=\"icon-box.default\">\n\t\t\t\t\t\t\t<div class=\"elementor-icon-box-wrapper\">\n\n\t\t\t\t\t\t<div class=\"elementor-icon-box-icon\">\n\t\t\t\t<span  class=\"elementor-icon\">\n\t\t\t\t<svg aria-hidden=\"true\" class=\"e-font-icon-svg e-fas-phone-alt\" viewBox=\"0 0 512 512\" xmlns=\"http:\/\/www.w3.org\/2000\/svg\"><path d=\"M497.39 361.8l-112-48a24 24 0 0 0-28 6.9l-49.6 60.6A370.66 370.66 0 0 1 130.6 204.11l60.6-49.6a23.94 23.94 0 0 0 6.9-28l-48-112A24.16 24.16 0 0 0 122.6.61l-104 24A24 24 0 0 0 0 48c0 256.5 207.9 464 464 464a24 24 0 0 0 23.4-18.6l24-104a24.29 24.29 0 0 0-14.01-27.6z\"><\/path><\/svg>\t\t\t\t<\/span>\n\t\t\t<\/div>\n\t\t\t\n\t\t\t\t\t\t<div class=\"elementor-icon-box-content\">\n\n\t\t\t\t\n\t\t\t\t\t\t\t\t\t<p class=\"elementor-icon-box-description\">\n\t\t\t\t\t\t+41 79 321 3790\t\t\t\t\t<\/p>\n\t\t\t\t\n\t\t\t<\/div>\n\t\t\t\n\t\t<\/div>\n\t\t\t\t\t\t<\/div>\n\t\t\t\t<div class=\"elementor-element elementor-element-2f6f41ef elementor-position-inline-start elementor-mobile-position-inline-start elementor-view-default elementor-widget elementor-widget-icon-box\" data-id=\"2f6f41ef\" data-element_type=\"widget\" data-e-type=\"widget\" data-widget_type=\"icon-box.default\">\n\t\t\t\t\t\t\t<div class=\"elementor-icon-box-wrapper\">\n\n\t\t\t\t\t\t<div class=\"elementor-icon-box-icon\">\n\t\t\t\t<span  class=\"elementor-icon\">\n\t\t\t\t<svg aria-hidden=\"true\" class=\"e-font-icon-svg e-fas-envelope\" viewBox=\"0 0 512 512\" xmlns=\"http:\/\/www.w3.org\/2000\/svg\"><path d=\"M502.3 190.8c3.9-3.1 9.7-.2 9.7 4.7V400c0 26.5-21.5 48-48 48H48c-26.5 0-48-21.5-48-48V195.6c0-5 5.7-7.8 9.7-4.7 22.4 17.4 52.1 39.5 154.1 113.6 21.1 15.4 56.7 47.8 92.2 47.6 35.7.3 72-32.8 92.3-47.6 102-74.1 131.6-96.3 154-113.7zM256 320c23.2.4 56.6-29.2 73.4-41.4 132.7-96.3 142.8-104.7 173.4-128.7 5.8-4.5 9.2-11.5 9.2-18.9v-19c0-26.5-21.5-48-48-48H48C21.5 64 0 85.5 0 112v19c0 7.4 3.4 14.3 9.2 18.9 30.6 23.9 40.7 32.4 173.4 128.7 16.8 12.2 50.2 41.8 73.4 41.4z\"><\/path><\/svg>\t\t\t\t<\/span>\n\t\t\t<\/div>\n\t\t\t\n\t\t\t\t\t\t<div class=\"elementor-icon-box-content\">\n\n\t\t\t\t\n\t\t\t\t\t\t\t\t\t<p class=\"elementor-icon-box-description\">\n\t\t\t\t\t\tinfo@swiss-ukrainian.ch\t\t\t\t\t<\/p>\n\t\t\t\t\n\t\t\t<\/div>\n\t\t\t\n\t\t<\/div>\n\t\t\t\t\t\t<\/div>\n\t\t\t\t<\/div>\n\t\t<div class=\"elementor-element elementor-element-27b677af e-con-full e-flex wpr-particle-no wpr-jarallax-no wpr-parallax-no wpr-sticky-section-no wpr-column-slider-no wpr-equal-height-no e-con e-child\" data-id=\"27b677af\" data-element_type=\"container\" data-e-type=\"container\">\n\t\t\t\t<div class=\"elementor-element elementor-element-6252e134 elementor-align-center elementor-mobile-align-left elementor-widget elementor-widget-button\" data-id=\"6252e134\" data-element_type=\"widget\" data-e-type=\"widget\" data-widget_type=\"button.default\">\n\t\t\t\t\t\t\t\t\t\t<a class=\"elementor-button elementor-button-link elementor-size-sm\" href=\"https:\/\/swiss-ukrainian.ch\/index.php\/fr\/help-ukraine\/\" target=\"_blank\">\n\t\t\t\t\t\t<span class=\"elementor-button-content-wrapper\">\n\t\t\t\t\t\t\t\t\t<span class=\"elementor-button-text\">HELP UKRAINE<\/span>\n\t\t\t\t\t<\/span>\n\t\t\t\t\t<\/a>\n\t\t\t\t\t\t\t\t<\/div>\n\t\t\t\t<\/div>\n\t\t<div class=\"elementor-element elementor-element-bcdde87 e-con-full e-flex wpr-particle-no wpr-jarallax-no wpr-parallax-no wpr-sticky-section-no wpr-column-slider-no wpr-equal-height-no e-con e-child\" data-id=\"bcdde87\" data-element_type=\"container\" data-e-type=\"container\">\n\t\t\t\t<div class=\"elementor-element elementor-element-5b3a8322 elementor-widget elementor-widget-heading\" data-id=\"5b3a8322\" data-element_type=\"widget\" data-e-type=\"widget\" data-widget_type=\"heading.default\">\n\t\t\t\t\t<h2 class=\"elementor-heading-title elementor-size-default\">Plan du site<\/h2>\t\t\t\t<\/div>\n\t\t\t\t<div class=\"elementor-element elementor-element-1b23dcf4 elementor-widget elementor-widget-spacer\" data-id=\"1b23dcf4\" data-element_type=\"widget\" data-e-type=\"widget\" data-widget_type=\"spacer.default\">\n\t\t\t\t\t\t\t<div class=\"elementor-spacer\">\n\t\t\t<div class=\"elementor-spacer-inner\"><\/div>\n\t\t<\/div>\n\t\t\t\t\t\t<\/div>\n\t\t\t\t<div class=\"elementor-element elementor-element-643fcdf wpr-pointer-none wpr-sub-icon-none wpr-nav-menu-bp-tablet wpr-mobile-menu-auto-width wpr-main-menu-align-left wpr-main-menu-align--tabletleft wpr-main-menu-align--mobileleft wpr-sub-menu-fx-fade wpr-mobile-menu-drdown-align-center wpr-mobile-menu-item-align-center wpr-mobile-toggle-v1 wpr-sub-divider-yes wpr-mobile-divider-yes elementor-widget elementor-widget-wpr-nav-menu\" data-id=\"643fcdf\" data-element_type=\"widget\" data-e-type=\"widget\" data-settings=\"{&quot;menu_layout&quot;:&quot;horizontal&quot;}\" data-widget_type=\"wpr-nav-menu.default\">\n\t\t\t\t\t<nav class=\"wpr-nav-menu-container wpr-nav-menu-horizontal\" data-trigger=\"hover\" data-consider-header=\"\" data-scroll-speed=\"500\"><ul id=\"menu-1-643fcdf\" class=\"wpr-nav-menu\"><li class=\"menu-item menu-item-type-post_type menu-item-object-page menu-item-home menu-item-376\"><a href=\"https:\/\/swiss-ukrainian.ch\/index.php\/fr\/home\/\" class=\"wpr-menu-item wpr-pointer-item\">Accueil<\/a><\/li>\n<li class=\"menu-item menu-item-type-post_type menu-item-object-page menu-item-has-children menu-item-377\"><a aria-haspopup=\"true\" aria-expanded=\"false\" href=\"https:\/\/swiss-ukrainian.ch\/index.php\/fr\/a-propos-de-nous\/\" class=\"wpr-menu-item wpr-pointer-item\">A Propos De Nous<i class=\"wpr-sub-icon fas\" aria-hidden=\"true\"><\/i><\/a>\n<ul class=\"sub-menu wpr-sub-menu\">\n\t<li class=\"menu-item menu-item-type-post_type menu-item-object-page menu-item-378\"><a href=\"https:\/\/swiss-ukrainian.ch\/index.php\/fr\/necrologie\/\" class=\"wpr-sub-menu-item\">N\u00e9crologie<\/a><\/li>\n<\/ul>\n<\/li>\n<li class=\"menu-item menu-item-type-post_type menu-item-object-page menu-item-876\"><a href=\"https:\/\/swiss-ukrainian.ch\/index.php\/fr\/groupes-locaux\/\" class=\"wpr-menu-item wpr-pointer-item\">Groupes Locaux<\/a><\/li>\n<li class=\"menu-item menu-item-type-post_type menu-item-object-page menu-item-877\"><a href=\"https:\/\/swiss-ukrainian.ch\/index.php\/fr\/informations-et-actualites\/\" class=\"wpr-menu-item wpr-pointer-item\">Informations et Actualit\u00e9s<\/a><\/li>\n<li class=\"menu-item menu-item-type-post_type menu-item-object-page menu-item-874\"><a href=\"https:\/\/swiss-ukrainian.ch\/index.php\/fr\/evenements-et-forum\/\" class=\"wpr-menu-item wpr-pointer-item\">Evenements et Forums<\/a><\/li>\n<li class=\"menu-item menu-item-type-post_type menu-item-object-page menu-item-875\"><a href=\"https:\/\/swiss-ukrainian.ch\/index.php\/fr\/references\/\" class=\"wpr-menu-item wpr-pointer-item\">R\u00e9f\u00e9rences<\/a><\/li>\n<li class=\"menu-item menu-item-type-post_type menu-item-object-page menu-item-2102\"><a href=\"https:\/\/swiss-ukrainian.ch\/index.php\/fr\/donations-2\/\" class=\"wpr-menu-item wpr-pointer-item\">Donations<\/a><\/li>\n<\/ul><\/nav><nav class=\"wpr-mobile-nav-menu-container\"><div class=\"wpr-mobile-toggle-wrap\"><div class=\"wpr-mobile-toggle\"><span class=\"wpr-mobile-toggle-line\"><\/span><span class=\"wpr-mobile-toggle-line\"><\/span><span class=\"wpr-mobile-toggle-line\"><\/span><\/div><\/div><ul id=\"mobile-menu-2-643fcdf\" class=\"wpr-mobile-nav-menu\"><li class=\"menu-item menu-item-type-post_type menu-item-object-page menu-item-home menu-item-376\"><a href=\"https:\/\/swiss-ukrainian.ch\/index.php\/fr\/home\/\" class=\"wpr-mobile-menu-item\">Accueil<\/a><\/li>\n<li class=\"menu-item menu-item-type-post_type menu-item-object-page menu-item-has-children menu-item-377\"><a href=\"https:\/\/swiss-ukrainian.ch\/index.php\/fr\/a-propos-de-nous\/\" class=\"wpr-mobile-menu-item\">A Propos De Nous<\/a>\n<ul class=\"sub-menu wpr-sub-menu\">\n\t<li class=\"menu-item menu-item-type-post_type menu-item-object-page menu-item-378\"><a href=\"https:\/\/swiss-ukrainian.ch\/index.php\/fr\/necrologie\/\" class=\"wpr-mobile-sub-menu-item\">N\u00e9crologie<\/a><\/li>\n<\/ul>\n<\/li>\n<li class=\"menu-item menu-item-type-post_type menu-item-object-page menu-item-876\"><a href=\"https:\/\/swiss-ukrainian.ch\/index.php\/fr\/groupes-locaux\/\" class=\"wpr-mobile-menu-item\">Groupes Locaux<\/a><\/li>\n<li class=\"menu-item menu-item-type-post_type menu-item-object-page menu-item-877\"><a href=\"https:\/\/swiss-ukrainian.ch\/index.php\/fr\/informations-et-actualites\/\" class=\"wpr-mobile-menu-item\">Informations et Actualit\u00e9s<\/a><\/li>\n<li class=\"menu-item menu-item-type-post_type menu-item-object-page menu-item-874\"><a href=\"https:\/\/swiss-ukrainian.ch\/index.php\/fr\/evenements-et-forum\/\" class=\"wpr-mobile-menu-item\">Evenements et Forums<\/a><\/li>\n<li class=\"menu-item menu-item-type-post_type menu-item-object-page menu-item-875\"><a href=\"https:\/\/swiss-ukrainian.ch\/index.php\/fr\/references\/\" class=\"wpr-mobile-menu-item\">R\u00e9f\u00e9rences<\/a><\/li>\n<li class=\"menu-item menu-item-type-post_type menu-item-object-page menu-item-2102\"><a href=\"https:\/\/swiss-ukrainian.ch\/index.php\/fr\/donations-2\/\" class=\"wpr-mobile-menu-item\">Donations<\/a><\/li>\n<\/ul><\/nav>\t\t\t\t<\/div>\n\t\t\t\t<\/div>\n\t\t\t\t\t<\/div>\n\t\t\t\t<\/div>\n\t\t\t\t<\/div>\n\t\t","protected":false},"excerpt":{"rendered":"<p>N\u00e9crologie Membres d\u00e9c\u00e9d\u00e9s Pawlo Dlaboha, membre de longue date de la Soci\u00e9t\u00e9 Ukrainienne en Suisse C&rsquo;est avec le c\u0153ur lourd que nous annon\u00e7ons le d\u00e9c\u00e8s de Pawlo Dlaboha, membre de longue date de la Soci\u00e9t\u00e9 Ukrainienne de Suisse, le vendredi 6 septembre 2024. Pawlo est arriv\u00e9 en Suisse par un chemin d\u00e9tourn\u00e9, comme tant d&rsquo;autres dans notre communaut\u00e9, lorsque lui et ses parents ont \u00e9t\u00e9 contraints de fuir la Pologne en raison de la situation politique mena\u00e7ante en Europe de l&rsquo;Est. N\u00e9 \u00e0 Legnica, en Pologne, le 11 mars 1951, Pawlo a \u00e9migr\u00e9 de Pologne aux \u00c9tats-Unis en 1961. \u00c0 l&rsquo;\u00e2ge de 16 ans, il retourne dans son Europe bien-aim\u00e9e pour \u00e9tudier la musique. Ses \u00e9tudes l&rsquo;ont conduit \u00e0 Lucerne, Zurich, Gen\u00e8ve et plus tard au Royaume-Uni. Il s&rsquo;installe finalement \u00e0 Lucerne en 1974, o\u00f9 il enseigne le solf\u00e8ge, la direction d&rsquo;orchestre, applique l&rsquo;anglais et est professeur de piano au Gymnase cantonal de Lucerne. En plus de l&rsquo;enseignement, Pawlo a consacr\u00e9 son temps \u00e0 son Ukraine bien-aim\u00e9e, participant activement aux activit\u00e9s de la Soci\u00e9t\u00e9 ukrainienne, organisant des concerts, des r\u00e9citals et dirigeant des orchestres de chambre en Suisse et \u00e0 l&rsquo;\u00e9tranger. Une fois l&rsquo;Ukraine redevenue ind\u00e9pendante, Pawlo organisa le premier Festival de musique suisse en Ukraine, dirigea de nombreux orchestres symphoniques et de chambre ukrainiens, dont la Camerata Leonis \u00e0 Lviv, devint chef invit\u00e9 \u00e0 Lviv, Zaphorizia et Dnipro et l&rsquo;un des fondateurs de la Soci\u00e9t\u00e9 internationale de Nouvelle musique \u00e0 Odessa. Parall\u00e8lement, en Suisse, Pawlo organisait des cours pour musiciens ukrainiens, des concerts de nouvelle musique ukrainienne \u00e0 Zurich et contribuait \u00e0 permettre \u00e0 Yevhen Stankovych, l&rsquo;un des compositeurs ukrainiens les plus prolifiques, de recevoir une bourse de compositeur en r\u00e9sidence pour quatre s\u00e9jour d&rsquo;un mois \u00e0 Bienne et produit en 1988 un CD \u00ab Lucerne Concert \u00bb, le tout premier enregistrement num\u00e9rique de la Symphonie de chambre n\u00b03 de Yevhen Stankovych et son arrangement de \u00ab Adios Nonino \u00bb d&rsquo;Astor Piazzola d\u00e9di\u00e9 \u00e0 Camerata Leonis. Dlaboha a d\u00e9fendu sans rel\u00e2che la cause de l&rsquo;Ukraine en Suisse, \u00e0 la fois en tant que citoyen suisse et en tant que membre du conseil d&rsquo;administration de la Soci\u00e9t\u00e9 ukrainienne. De 2018 jusqu&rsquo;\u00e0 son d\u00e9c\u00e8s, il a repr\u00e9sent\u00e9 notre soci\u00e9t\u00e9 ukrainienne \u00e0 l&rsquo;Assembl\u00e9e parlementaire du Conseil de l&rsquo;Europe au sein de la commission des politiques de la diaspora. Pawlo \u00e9tait connu de beaucoup et aim\u00e9 de tous. Toujours impeccablement par\u00e9 de son chapeau et de son \u00e9charpe embl\u00e9matiques, l\u2019attitude contagieuse de Pawlo, son sourire chaleureux, sa joie de vivre, sa g\u00e9n\u00e9reuse pinc\u00e9e du mot \u00ab belle \u00bb n\u2019ont jamais manqu\u00e9 de faire sourire tout le monde. Son \u00e9nergie et son engagement \u00e9taient contagieux tant aupr\u00e8s de ses pairs que des nombreux jeunes qui ont crois\u00e9 son chemin tout au long de sa longue carri\u00e8re d&rsquo;enseignant et de mentor. Il laisse derri\u00e8re lui ses fils Dami\u00e0n et Markian et leur m\u00e8re Marina. Au lieu de fleurs, Pawlo a demand\u00e9 que des dons soient faits en son nom \u00e0 la Soci\u00e9t\u00e9 Ukrainienne de Suisse. Ukrainischer Verein in der Schweiz\/Socie\u0301te\u0301 Ukrainienne en Suisse case postale 2, 1701 Fribourg &#8211; IBAN: CH40 0900 0000 8776 5794 8 Requiescat in Pace! Vichnaya Pamiat! Contact &amp; informations Soci\u00e9t\u00e9 Ukrainienne en Suisse Ukrainischer Verein in der SchweizCase postale 102CH-1701 FribourgSwitzerland T\u00e9l\u00e9phone &amp; Email +41 79 321 3790 info@swiss-ukrainian.ch HELP UKRAINE Plan du site Accueil A Propos De Nous N\u00e9crologie Groupes Locaux Informations et Actualit\u00e9s Evenements et Forums R\u00e9f\u00e9rences Accueil A Propos De Nous N\u00e9crologie Groupes Locaux Informations et Actualit\u00e9s Evenements et Forums R\u00e9f\u00e9rences<\/p>\n","protected":false},"author":2,"featured_media":0,"parent":0,"menu_order":0,"comment_status":"closed","ping_status":"closed","template":"","meta":{"footnotes":""},"folder":[34],"class_list":["post-315","page","type-page","status-publish","hentry"],"yoast_head":"<!-- This site is optimized with the Yoast SEO plugin v27.6 - https:\/\/yoast.com\/product\/yoast-seo-wordpress\/ -->\n<title>N\u00e9crologie - Swiss Ukrainian<\/title>\n<meta name=\"robots\" content=\"index, follow, max-snippet:-1, max-image-preview:large, max-video-preview:-1\" \/>\n<link rel=\"canonical\" href=\"https:\/\/swiss-ukrainian.ch\/index.php\/fr\/necrologie\/\" \/>\n<meta property=\"og:locale\" content=\"fr_FR\" \/>\n<meta property=\"og:type\" content=\"article\" \/>\n<meta property=\"og:title\" content=\"N\u00e9crologie - Swiss Ukrainian\" \/>\n<meta property=\"og:description\" content=\"N\u00e9crologie Membres d\u00e9c\u00e9d\u00e9s Pawlo Dlaboha, membre de longue date de la Soci\u00e9t\u00e9 Ukrainienne en Suisse C&rsquo;est avec le c\u0153ur lourd que nous annon\u00e7ons le d\u00e9c\u00e8s de Pawlo Dlaboha, membre de longue date de la Soci\u00e9t\u00e9 Ukrainienne de Suisse, le vendredi 6 septembre 2024. Pawlo est arriv\u00e9 en Suisse par un chemin d\u00e9tourn\u00e9, comme tant d&rsquo;autres dans notre communaut\u00e9, lorsque lui et ses parents ont \u00e9t\u00e9 contraints de fuir la Pologne en raison de la situation politique mena\u00e7ante en Europe de l&rsquo;Est. N\u00e9 \u00e0 Legnica, en Pologne, le 11 mars 1951, Pawlo a \u00e9migr\u00e9 de Pologne aux \u00c9tats-Unis en 1961. \u00c0 l&rsquo;\u00e2ge de 16 ans, il retourne dans son Europe bien-aim\u00e9e pour \u00e9tudier la musique. Ses \u00e9tudes l&rsquo;ont conduit \u00e0 Lucerne, Zurich, Gen\u00e8ve et plus tard au Royaume-Uni. Il s&rsquo;installe finalement \u00e0 Lucerne en 1974, o\u00f9 il enseigne le solf\u00e8ge, la direction d&rsquo;orchestre, applique l&rsquo;anglais et est professeur de piano au Gymnase cantonal de Lucerne. En plus de l&rsquo;enseignement, Pawlo a consacr\u00e9 son temps \u00e0 son Ukraine bien-aim\u00e9e, participant activement aux activit\u00e9s de la Soci\u00e9t\u00e9 ukrainienne, organisant des concerts, des r\u00e9citals et dirigeant des orchestres de chambre en Suisse et \u00e0 l&rsquo;\u00e9tranger. Une fois l&rsquo;Ukraine redevenue ind\u00e9pendante, Pawlo organisa le premier Festival de musique suisse en Ukraine, dirigea de nombreux orchestres symphoniques et de chambre ukrainiens, dont la Camerata Leonis \u00e0 Lviv, devint chef invit\u00e9 \u00e0 Lviv, Zaphorizia et Dnipro et l&rsquo;un des fondateurs de la Soci\u00e9t\u00e9 internationale de Nouvelle musique \u00e0 Odessa. Parall\u00e8lement, en Suisse, Pawlo organisait des cours pour musiciens ukrainiens, des concerts de nouvelle musique ukrainienne \u00e0 Zurich et contribuait \u00e0 permettre \u00e0 Yevhen Stankovych, l&rsquo;un des compositeurs ukrainiens les plus prolifiques, de recevoir une bourse de compositeur en r\u00e9sidence pour quatre s\u00e9jour d&rsquo;un mois \u00e0 Bienne et produit en 1988 un CD \u00ab Lucerne Concert \u00bb, le tout premier enregistrement num\u00e9rique de la Symphonie de chambre n\u00b03 de Yevhen Stankovych et son arrangement de \u00ab Adios Nonino \u00bb d&rsquo;Astor Piazzola d\u00e9di\u00e9 \u00e0 Camerata Leonis. Dlaboha a d\u00e9fendu sans rel\u00e2che la cause de l&rsquo;Ukraine en Suisse, \u00e0 la fois en tant que citoyen suisse et en tant que membre du conseil d&rsquo;administration de la Soci\u00e9t\u00e9 ukrainienne. De 2018 jusqu&rsquo;\u00e0 son d\u00e9c\u00e8s, il a repr\u00e9sent\u00e9 notre soci\u00e9t\u00e9 ukrainienne \u00e0 l&rsquo;Assembl\u00e9e parlementaire du Conseil de l&rsquo;Europe au sein de la commission des politiques de la diaspora. Pawlo \u00e9tait connu de beaucoup et aim\u00e9 de tous. Toujours impeccablement par\u00e9 de son chapeau et de son \u00e9charpe embl\u00e9matiques, l\u2019attitude contagieuse de Pawlo, son sourire chaleureux, sa joie de vivre, sa g\u00e9n\u00e9reuse pinc\u00e9e du mot \u00ab belle \u00bb n\u2019ont jamais manqu\u00e9 de faire sourire tout le monde. Son \u00e9nergie et son engagement \u00e9taient contagieux tant aupr\u00e8s de ses pairs que des nombreux jeunes qui ont crois\u00e9 son chemin tout au long de sa longue carri\u00e8re d&rsquo;enseignant et de mentor. Il laisse derri\u00e8re lui ses fils Dami\u00e0n et Markian et leur m\u00e8re Marina. Au lieu de fleurs, Pawlo a demand\u00e9 que des dons soient faits en son nom \u00e0 la Soci\u00e9t\u00e9 Ukrainienne de Suisse. Ukrainischer Verein in der Schweiz\/Socie\u0301te\u0301 Ukrainienne en Suisse case postale 2, 1701 Fribourg &#8211; IBAN: CH40 0900 0000 8776 5794 8 Requiescat in Pace! Vichnaya Pamiat! Contact &amp; informations Soci\u00e9t\u00e9 Ukrainienne en Suisse Ukrainischer Verein in der SchweizCase postale 102CH-1701 FribourgSwitzerland T\u00e9l\u00e9phone &amp; Email +41 79 321 3790 info@swiss-ukrainian.ch HELP UKRAINE Plan du site Accueil A Propos De Nous N\u00e9crologie Groupes Locaux Informations et Actualit\u00e9s Evenements et Forums R\u00e9f\u00e9rences Accueil A Propos De Nous N\u00e9crologie Groupes Locaux Informations et Actualit\u00e9s Evenements et Forums R\u00e9f\u00e9rences\" \/>\n<meta property=\"og:url\" content=\"https:\/\/swiss-ukrainian.ch\/index.php\/fr\/necrologie\/\" \/>\n<meta property=\"og:site_name\" content=\"Swiss Ukrainian\" \/>\n<meta property=\"article:modified_time\" content=\"2025-01-28T16:16:13+00:00\" \/>\n<meta property=\"og:image\" content=\"https:\/\/staging.swiss-ukrainian.ch\/wp-content\/uploads\/2025\/01\/PHOTO-2024-09-10-17-40-52.jpg\" \/>\n<meta name=\"twitter:card\" content=\"summary_large_image\" \/>\n<meta name=\"twitter:label1\" content=\"Dur\u00e9e de lecture estim\u00e9e\" \/>\n\t<meta name=\"twitter:data1\" content=\"3 minutes\" \/>\n<script type=\"application\/ld+json\" class=\"yoast-schema-graph\">{\"@context\":\"https:\\\/\\\/schema.org\",\"@graph\":[{\"@type\":\"WebPage\",\"@id\":\"https:\\\/\\\/swiss-ukrainian.ch\\\/index.php\\\/fr\\\/necrologie\\\/\",\"url\":\"https:\\\/\\\/swiss-ukrainian.ch\\\/index.php\\\/fr\\\/necrologie\\\/\",\"name\":\"N\u00e9crologie - Swiss Ukrainian\",\"isPartOf\":{\"@id\":\"https:\\\/\\\/swiss-ukrainian.ch\\\/#website\"},\"primaryImageOfPage\":{\"@id\":\"https:\\\/\\\/swiss-ukrainian.ch\\\/index.php\\\/fr\\\/necrologie\\\/#primaryimage\"},\"image\":{\"@id\":\"https:\\\/\\\/swiss-ukrainian.ch\\\/index.php\\\/fr\\\/necrologie\\\/#primaryimage\"},\"thumbnailUrl\":\"https:\\\/\\\/staging.swiss-ukrainian.ch\\\/wp-content\\\/uploads\\\/2025\\\/01\\\/PHOTO-2024-09-10-17-40-52.jpg\",\"datePublished\":\"2025-01-17T18:12:18+00:00\",\"dateModified\":\"2025-01-28T16:16:13+00:00\",\"breadcrumb\":{\"@id\":\"https:\\\/\\\/swiss-ukrainian.ch\\\/index.php\\\/fr\\\/necrologie\\\/#breadcrumb\"},\"inLanguage\":\"fr-FR\",\"potentialAction\":[{\"@type\":\"ReadAction\",\"target\":[\"https:\\\/\\\/swiss-ukrainian.ch\\\/index.php\\\/fr\\\/necrologie\\\/\"]}]},{\"@type\":\"ImageObject\",\"inLanguage\":\"fr-FR\",\"@id\":\"https:\\\/\\\/swiss-ukrainian.ch\\\/index.php\\\/fr\\\/necrologie\\\/#primaryimage\",\"url\":\"https:\\\/\\\/staging.swiss-ukrainian.ch\\\/wp-content\\\/uploads\\\/2025\\\/01\\\/PHOTO-2024-09-10-17-40-52.jpg\",\"contentUrl\":\"https:\\\/\\\/staging.swiss-ukrainian.ch\\\/wp-content\\\/uploads\\\/2025\\\/01\\\/PHOTO-2024-09-10-17-40-52.jpg\"},{\"@type\":\"BreadcrumbList\",\"@id\":\"https:\\\/\\\/swiss-ukrainian.ch\\\/index.php\\\/fr\\\/necrologie\\\/#breadcrumb\",\"itemListElement\":[{\"@type\":\"ListItem\",\"position\":1,\"name\":\"Accueil\",\"item\":\"https:\\\/\\\/swiss-ukrainian.ch\\\/index.php\\\/fr\\\/home\\\/\"},{\"@type\":\"ListItem\",\"position\":2,\"name\":\"N\u00e9crologie\"}]},{\"@type\":\"WebSite\",\"@id\":\"https:\\\/\\\/swiss-ukrainian.ch\\\/#website\",\"url\":\"https:\\\/\\\/swiss-ukrainian.ch\\\/\",\"name\":\"Swiss Ukrainian\",\"description\":\"\",\"publisher\":{\"@id\":\"https:\\\/\\\/swiss-ukrainian.ch\\\/#organization\"},\"potentialAction\":[{\"@type\":\"SearchAction\",\"target\":{\"@type\":\"EntryPoint\",\"urlTemplate\":\"https:\\\/\\\/swiss-ukrainian.ch\\\/?s={search_term_string}\"},\"query-input\":{\"@type\":\"PropertyValueSpecification\",\"valueRequired\":true,\"valueName\":\"search_term_string\"}}],\"inLanguage\":\"fr-FR\"},{\"@type\":\"Organization\",\"@id\":\"https:\\\/\\\/swiss-ukrainian.ch\\\/#organization\",\"name\":\"Swiss Ukrainian\",\"url\":\"https:\\\/\\\/swiss-ukrainian.ch\\\/\",\"logo\":{\"@type\":\"ImageObject\",\"inLanguage\":\"fr-FR\",\"@id\":\"https:\\\/\\\/swiss-ukrainian.ch\\\/#\\\/schema\\\/logo\\\/image\\\/\",\"url\":\"https:\\\/\\\/swiss-ukrainian.ch\\\/wp-content\\\/uploads\\\/2025\\\/01\\\/cropped-logo_ukrainiansociety_color_120px-1.jpg\",\"contentUrl\":\"https:\\\/\\\/swiss-ukrainian.ch\\\/wp-content\\\/uploads\\\/2025\\\/01\\\/cropped-logo_ukrainiansociety_color_120px-1.jpg\",\"width\":120,\"height\":120,\"caption\":\"Swiss Ukrainian\"},\"image\":{\"@id\":\"https:\\\/\\\/swiss-ukrainian.ch\\\/#\\\/schema\\\/logo\\\/image\\\/\"}}]}<\/script>\n<!-- \/ Yoast SEO plugin. -->","yoast_head_json":{"title":"N\u00e9crologie - Swiss Ukrainian","robots":{"index":"index","follow":"follow","max-snippet":"max-snippet:-1","max-image-preview":"max-image-preview:large","max-video-preview":"max-video-preview:-1"},"canonical":"https:\/\/swiss-ukrainian.ch\/index.php\/fr\/necrologie\/","og_locale":"fr_FR","og_type":"article","og_title":"N\u00e9crologie - Swiss Ukrainian","og_description":"N\u00e9crologie Membres d\u00e9c\u00e9d\u00e9s Pawlo Dlaboha, membre de longue date de la Soci\u00e9t\u00e9 Ukrainienne en Suisse C&rsquo;est avec le c\u0153ur lourd que nous annon\u00e7ons le d\u00e9c\u00e8s de Pawlo Dlaboha, membre de longue date de la Soci\u00e9t\u00e9 Ukrainienne de Suisse, le vendredi 6 septembre 2024. Pawlo est arriv\u00e9 en Suisse par un chemin d\u00e9tourn\u00e9, comme tant d&rsquo;autres dans notre communaut\u00e9, lorsque lui et ses parents ont \u00e9t\u00e9 contraints de fuir la Pologne en raison de la situation politique mena\u00e7ante en Europe de l&rsquo;Est. N\u00e9 \u00e0 Legnica, en Pologne, le 11 mars 1951, Pawlo a \u00e9migr\u00e9 de Pologne aux \u00c9tats-Unis en 1961. \u00c0 l&rsquo;\u00e2ge de 16 ans, il retourne dans son Europe bien-aim\u00e9e pour \u00e9tudier la musique. Ses \u00e9tudes l&rsquo;ont conduit \u00e0 Lucerne, Zurich, Gen\u00e8ve et plus tard au Royaume-Uni. Il s&rsquo;installe finalement \u00e0 Lucerne en 1974, o\u00f9 il enseigne le solf\u00e8ge, la direction d&rsquo;orchestre, applique l&rsquo;anglais et est professeur de piano au Gymnase cantonal de Lucerne. En plus de l&rsquo;enseignement, Pawlo a consacr\u00e9 son temps \u00e0 son Ukraine bien-aim\u00e9e, participant activement aux activit\u00e9s de la Soci\u00e9t\u00e9 ukrainienne, organisant des concerts, des r\u00e9citals et dirigeant des orchestres de chambre en Suisse et \u00e0 l&rsquo;\u00e9tranger. Une fois l&rsquo;Ukraine redevenue ind\u00e9pendante, Pawlo organisa le premier Festival de musique suisse en Ukraine, dirigea de nombreux orchestres symphoniques et de chambre ukrainiens, dont la Camerata Leonis \u00e0 Lviv, devint chef invit\u00e9 \u00e0 Lviv, Zaphorizia et Dnipro et l&rsquo;un des fondateurs de la Soci\u00e9t\u00e9 internationale de Nouvelle musique \u00e0 Odessa. Parall\u00e8lement, en Suisse, Pawlo organisait des cours pour musiciens ukrainiens, des concerts de nouvelle musique ukrainienne \u00e0 Zurich et contribuait \u00e0 permettre \u00e0 Yevhen Stankovych, l&rsquo;un des compositeurs ukrainiens les plus prolifiques, de recevoir une bourse de compositeur en r\u00e9sidence pour quatre s\u00e9jour d&rsquo;un mois \u00e0 Bienne et produit en 1988 un CD \u00ab Lucerne Concert \u00bb, le tout premier enregistrement num\u00e9rique de la Symphonie de chambre n\u00b03 de Yevhen Stankovych et son arrangement de \u00ab Adios Nonino \u00bb d&rsquo;Astor Piazzola d\u00e9di\u00e9 \u00e0 Camerata Leonis. Dlaboha a d\u00e9fendu sans rel\u00e2che la cause de l&rsquo;Ukraine en Suisse, \u00e0 la fois en tant que citoyen suisse et en tant que membre du conseil d&rsquo;administration de la Soci\u00e9t\u00e9 ukrainienne. De 2018 jusqu&rsquo;\u00e0 son d\u00e9c\u00e8s, il a repr\u00e9sent\u00e9 notre soci\u00e9t\u00e9 ukrainienne \u00e0 l&rsquo;Assembl\u00e9e parlementaire du Conseil de l&rsquo;Europe au sein de la commission des politiques de la diaspora. Pawlo \u00e9tait connu de beaucoup et aim\u00e9 de tous. Toujours impeccablement par\u00e9 de son chapeau et de son \u00e9charpe embl\u00e9matiques, l\u2019attitude contagieuse de Pawlo, son sourire chaleureux, sa joie de vivre, sa g\u00e9n\u00e9reuse pinc\u00e9e du mot \u00ab belle \u00bb n\u2019ont jamais manqu\u00e9 de faire sourire tout le monde. Son \u00e9nergie et son engagement \u00e9taient contagieux tant aupr\u00e8s de ses pairs que des nombreux jeunes qui ont crois\u00e9 son chemin tout au long de sa longue carri\u00e8re d&rsquo;enseignant et de mentor. Il laisse derri\u00e8re lui ses fils Dami\u00e0n et Markian et leur m\u00e8re Marina. Au lieu de fleurs, Pawlo a demand\u00e9 que des dons soient faits en son nom \u00e0 la Soci\u00e9t\u00e9 Ukrainienne de Suisse. Ukrainischer Verein in der Schweiz\/Socie\u0301te\u0301 Ukrainienne en Suisse case postale 2, 1701 Fribourg &#8211; IBAN: CH40 0900 0000 8776 5794 8 Requiescat in Pace! Vichnaya Pamiat! Contact &amp; informations Soci\u00e9t\u00e9 Ukrainienne en Suisse Ukrainischer Verein in der SchweizCase postale 102CH-1701 FribourgSwitzerland T\u00e9l\u00e9phone &amp; Email +41 79 321 3790 info@swiss-ukrainian.ch HELP UKRAINE Plan du site Accueil A Propos De Nous N\u00e9crologie Groupes Locaux Informations et Actualit\u00e9s Evenements et Forums R\u00e9f\u00e9rences Accueil A Propos De Nous N\u00e9crologie Groupes Locaux Informations et Actualit\u00e9s Evenements et Forums R\u00e9f\u00e9rences","og_url":"https:\/\/swiss-ukrainian.ch\/index.php\/fr\/necrologie\/","og_site_name":"Swiss Ukrainian","article_modified_time":"2025-01-28T16:16:13+00:00","og_image":[{"url":"https:\/\/staging.swiss-ukrainian.ch\/wp-content\/uploads\/2025\/01\/PHOTO-2024-09-10-17-40-52.jpg","type":"","width":"","height":""}],"twitter_card":"summary_large_image","twitter_misc":{"Dur\u00e9e de lecture estim\u00e9e":"3 minutes"},"schema":{"@context":"https:\/\/schema.org","@graph":[{"@type":"WebPage","@id":"https:\/\/swiss-ukrainian.ch\/index.php\/fr\/necrologie\/","url":"https:\/\/swiss-ukrainian.ch\/index.php\/fr\/necrologie\/","name":"N\u00e9crologie - Swiss Ukrainian","isPartOf":{"@id":"https:\/\/swiss-ukrainian.ch\/#website"},"primaryImageOfPage":{"@id":"https:\/\/swiss-ukrainian.ch\/index.php\/fr\/necrologie\/#primaryimage"},"image":{"@id":"https:\/\/swiss-ukrainian.ch\/index.php\/fr\/necrologie\/#primaryimage"},"thumbnailUrl":"https:\/\/staging.swiss-ukrainian.ch\/wp-content\/uploads\/2025\/01\/PHOTO-2024-09-10-17-40-52.jpg","datePublished":"2025-01-17T18:12:18+00:00","dateModified":"2025-01-28T16:16:13+00:00","breadcrumb":{"@id":"https:\/\/swiss-ukrainian.ch\/index.php\/fr\/necrologie\/#breadcrumb"},"inLanguage":"fr-FR","potentialAction":[{"@type":"ReadAction","target":["https:\/\/swiss-ukrainian.ch\/index.php\/fr\/necrologie\/"]}]},{"@type":"ImageObject","inLanguage":"fr-FR","@id":"https:\/\/swiss-ukrainian.ch\/index.php\/fr\/necrologie\/#primaryimage","url":"https:\/\/staging.swiss-ukrainian.ch\/wp-content\/uploads\/2025\/01\/PHOTO-2024-09-10-17-40-52.jpg","contentUrl":"https:\/\/staging.swiss-ukrainian.ch\/wp-content\/uploads\/2025\/01\/PHOTO-2024-09-10-17-40-52.jpg"},{"@type":"BreadcrumbList","@id":"https:\/\/swiss-ukrainian.ch\/index.php\/fr\/necrologie\/#breadcrumb","itemListElement":[{"@type":"ListItem","position":1,"name":"Accueil","item":"https:\/\/swiss-ukrainian.ch\/index.php\/fr\/home\/"},{"@type":"ListItem","position":2,"name":"N\u00e9crologie"}]},{"@type":"WebSite","@id":"https:\/\/swiss-ukrainian.ch\/#website","url":"https:\/\/swiss-ukrainian.ch\/","name":"Swiss Ukrainian","description":"","publisher":{"@id":"https:\/\/swiss-ukrainian.ch\/#organization"},"potentialAction":[{"@type":"SearchAction","target":{"@type":"EntryPoint","urlTemplate":"https:\/\/swiss-ukrainian.ch\/?s={search_term_string}"},"query-input":{"@type":"PropertyValueSpecification","valueRequired":true,"valueName":"search_term_string"}}],"inLanguage":"fr-FR"},{"@type":"Organization","@id":"https:\/\/swiss-ukrainian.ch\/#organization","name":"Swiss Ukrainian","url":"https:\/\/swiss-ukrainian.ch\/","logo":{"@type":"ImageObject","inLanguage":"fr-FR","@id":"https:\/\/swiss-ukrainian.ch\/#\/schema\/logo\/image\/","url":"https:\/\/swiss-ukrainian.ch\/wp-content\/uploads\/2025\/01\/cropped-logo_ukrainiansociety_color_120px-1.jpg","contentUrl":"https:\/\/swiss-ukrainian.ch\/wp-content\/uploads\/2025\/01\/cropped-logo_ukrainiansociety_color_120px-1.jpg","width":120,"height":120,"caption":"Swiss Ukrainian"},"image":{"@id":"https:\/\/swiss-ukrainian.ch\/#\/schema\/logo\/image\/"}}]}},"_links":{"self":[{"href":"https:\/\/swiss-ukrainian.ch\/index.php\/wp-json\/wp\/v2\/pages\/315","targetHints":{"allow":["GET"]}}],"collection":[{"href":"https:\/\/swiss-ukrainian.ch\/index.php\/wp-json\/wp\/v2\/pages"}],"about":[{"href":"https:\/\/swiss-ukrainian.ch\/index.php\/wp-json\/wp\/v2\/types\/page"}],"author":[{"embeddable":true,"href":"https:\/\/swiss-ukrainian.ch\/index.php\/wp-json\/wp\/v2\/users\/2"}],"replies":[{"embeddable":true,"href":"https:\/\/swiss-ukrainian.ch\/index.php\/wp-json\/wp\/v2\/comments?post=315"}],"version-history":[{"count":13,"href":"https:\/\/swiss-ukrainian.ch\/index.php\/wp-json\/wp\/v2\/pages\/315\/revisions"}],"predecessor-version":[{"id":1600,"href":"https:\/\/swiss-ukrainian.ch\/index.php\/wp-json\/wp\/v2\/pages\/315\/revisions\/1600"}],"wp:attachment":[{"href":"https:\/\/swiss-ukrainian.ch\/index.php\/wp-json\/wp\/v2\/media?parent=315"}],"wp:term":[{"taxonomy":"folder","embeddable":true,"href":"https:\/\/swiss-ukrainian.ch\/index.php\/wp-json\/wp\/v2\/folder?post=315"}],"curies":[{"name":"wp","href":"https:\/\/api.w.org\/{rel}","templated":true}]}}